{"id":41,"date":"2024-11-14T18:30:35","date_gmt":"2024-11-14T18:30:35","guid":{"rendered":"https:\/\/visualstressclinic.ca\/?page_id=41"},"modified":"2026-01-21T01:34:15","modified_gmt":"2026-01-21T01:34:15","slug":"faq","status":"publish","type":"page","link":"https:\/\/opticalm.ca\/fr\/faq\/","title":{"rendered":"FAQ"},"content":{"rendered":"<div class=\"et_pb_section_0 et_pb_section et_section_regular et_block_section\">\n<div class=\"et_pb_row_0 et_pb_row et_block_row\">\n<div class=\"et_pb_column_0 et_pb_column et_pb_column_4_4 et-last-child et_block_column et_pb_css_mix_blend_mode_passthrough\">\n<div class=\"et_pb_text_0 et_pb_text et_pb_bg_layout_light et_pb_module et_block_module preset--module--divi-text--32c4d5c6-ac4d-49d3-9b52-38ab407aae5b\"><div class=\"et_pb_text_inner\"><h4>FAQ<\/h4>\n<h2>Foire aux questions<\/h2>\n<\/div><\/div>\n<\/div>\n<\/div>\n\n<div class=\"et_pb_row_1 et_pb_row et_block_row\">\n<div class=\"et_pb_column_1 et_pb_column et_pb_column_2_3 et_block_column et_pb_css_mix_blend_mode_passthrough\">\n<div class=\"et_pb_text_1 et_pb_text et_pb_bg_layout_light et_pb_module et_block_module preset--module--divi-text--bd47436d-045b-4fb0-9a56-267772c6c167\"><div class=\"et_pb_text_inner\"><h3>Le stress visuel<\/h3>\n<\/div><\/div>\n\n<div class=\"et_pb_accordion_0 et_pb_accordion et_pb_module et_block_module preset--module--divi-accordion--1d4c8462-fda3-45f8-8b7c-cf670041e540\">\n<div class=\"et_pb_accordion_item_0 et_pb_accordion_item et_pb_toggle et_pb_module et_pb_toggle_open et_block_module preset--group--divi-accordion-item--divi-font-body--h19rs5u--default\"><h5 class=\"et_pb_toggle_title\">Qu'est-ce que le Stress Visuel?<\/h5><div class=\"et_pb_toggle_content\"><p><span style=\"color: #000000;\">Le stress visuel est une affection neurologique qui contribue aux difficult\u00e9s de lecture, \u00e0 la fatigue oculaire et aux maux de t\u00eate. Il peut \u00eatre responsable de la sensibilit\u00e9 \u00e0 la lumi\u00e8re, des difficult\u00e9s de traitement perceptif et de l'apparition de motifs dans le texte.<\/span><\/p>\n<\/div><\/div>\n\n<div class=\"et_pb_accordion_item_1 et_pb_accordion_item et_pb_toggle et_pb_module et_pb_toggle_close et_block_module preset--group--divi-accordion-item--divi-font-body--h19rs5u--default\"><h5 class=\"et_pb_toggle_title\">Quelles sont les causes du Stress Visuel?<\/h5><div class=\"et_pb_toggle_content\"><p><span style=\"color: #000000;\">L'hypoth\u00e8se est que le stress est d\u00fb \u00e0 l'hyperexcitabilit\u00e9 des neurones du cortex visuel, une zone du cerveau situ\u00e9e \u00e0 l'arri\u00e8re de la t\u00eate et responsable du traitement visuel. Le cerveau travaille de mani\u00e8re inefficace, ce qui entra\u00eene des probl\u00e8mes de traitement et de perception.<\/span><\/p>\n<\/div><\/div>\n\n<div class=\"et_pb_accordion_item_2 et_pb_accordion_item et_pb_toggle et_pb_module et_pb_toggle_close et_block_module preset--group--divi-accordion-item--divi-font-body--h19rs5u--default\"><h5 class=\"et_pb_toggle_title\">Quels sont les signes de Stress Visuel?<\/h5><div class=\"et_pb_toggle_content\"><p><span style=\"color: #000000;\"><strong>Les principaux signes sont les suivants :<\/strong><\/span><\/p>\n<ul>\n<li><span style=\"color: #000000;\">le frottement des yeux;<\/span><\/li>\n<li><span style=\"color: #000000;\">l'augmentation de la fr\u00e9quence des clignements des yeux;<\/span><\/li>\n<li><span style=\"color: #000000;\">sensibilit\u00e9 \u00e0 la lumi\u00e8re;<\/span><\/li>\n<li><span style=\"color: #000000;\">manque de concentration;<\/span><\/li>\n<li><span style=\"color: #000000;\">l'utilisation d'un doigt comme marqueur ; et<\/span><\/li>\n<li><span style=\"color: #000000;\">une faible estime de soi.<\/span><\/li>\n<\/ul>\n<\/div><\/div>\n\n<div class=\"et_pb_accordion_item_3 et_pb_accordion_item et_pb_toggle et_pb_module et_pb_toggle_close et_block_module preset--group--divi-accordion-item--divi-font-body--h19rs5u--default\"><h5 class=\"et_pb_toggle_title\">Quels sont les sympt\u00f4mes du Stress Visuel?<\/h5><div class=\"et_pb_toggle_content\"><p><span style=\"color: #000000;\"><strong>Les principaux sympt\u00f4mes sont :<\/strong><\/span><\/p>\n<ul>\n<li><span style=\"color: #000000;\">l'\u00e9blouissement;<\/span><\/li>\n<li><span style=\"color: #000000;\">des maux de t\u00eate lors de la lecture;<\/span><\/li>\n<li><span style=\"color: #000000;\">maux de t\u00eate dans les zones lumineuses;<\/span><\/li>\n<li><span style=\"color: #000000;\">mouvement\/flou des caract\u00e8res;<\/span><\/li>\n<li><span style=\"color: #000000;\">douleurs oculaires ; et<\/span><\/li>\n<li><span style=\"color: #000000;\">fatigue rapide.<\/span><\/li>\n<\/ul>\n<\/div><\/div>\n\n<div class=\"et_pb_accordion_item_4 et_pb_accordion_item et_pb_toggle et_pb_module et_pb_toggle_close et_block_module preset--group--divi-accordion-item--divi-font-body--h19rs5u--default\"><h5 class=\"et_pb_toggle_title\">Que sont les d\u00e9formations de la perception visuelle ?<\/h5><div class=\"et_pb_toggle_content\"><p><span style=\"color: #000000;\">Certaines personnes peuvent voir des d\u00e9formations lorsqu'elles regardent certains documents, en particulier des textes. Les d\u00e9formations du texte comprennent le flou, le mouvement des lettres, le d\u00e9doublement des mots, les lignes d'ombre, les formes ou les couleurs sur la page et le scintillement. Ces d\u00e9formations sont caract\u00e9ristiques d'un trouble que certains ont appel\u00e9 syndrome de Meares-Irlen, syndrome d'Irlen ou, \u00e0 tort, syndrome de sensibilit\u00e9 scotopique.<\/span><\/p>\n<\/div><\/div>\n\n<div class=\"et_pb_accordion_item_5 et_pb_accordion_item et_pb_toggle et_pb_module et_pb_toggle_close et_block_module preset--group--divi-accordion-item--divi-font-body--h19rs5u--default\"><h5 class=\"et_pb_toggle_title\">Les adultes peuvent-ils \u00eatre affect\u00e9s?<\/h5><div class=\"et_pb_toggle_content\"><p><span style=\"color: #000000;\">Absolument! Chez l'enfant, le texte appara\u00eet souvent comme un groupe de mots sans signification. En grandissant, lorsque le vocabulaire s'enrichit et que l'on comprend mieux la structure du texte, le stress visuel peut \u00eatre moins prononc\u00e9, mais toujours pr\u00e9sent. Dans de nombreux cas, le syndrome n'est pas diagnostiqu\u00e9 et n'est pas trait\u00e9 avant l'\u00e2ge adulte.\u00a0<\/span><\/p>\n<\/div><\/div>\n\n<div class=\"et_pb_accordion_item_6 et_pb_accordion_item et_pb_toggle et_pb_module et_pb_toggle_close et_block_module preset--group--divi-accordion-item--divi-font-body--h19rs5u--default\"><h5 class=\"et_pb_toggle_title\">Peut-on avoir une vue parfaite et souffrir du Stress Visuel?<\/h5><div class=\"et_pb_toggle_content\"><p><span style=\"color: #000000;\">OUI ! Une vue parfaite signifie que vous pouvez lire toutes les lettres du tableau sans lunettes et que vos deux yeux fonctionnent ensemble comme ils le devraient. Le stress visuel peut provenir d'une anomalie binoculaire, mais celle-ci sera corrig\u00e9e avant l'utilisation de toute couleur. Si le stress visuel persiste apr\u00e8s que tous les probl\u00e8mes binoculaires ont \u00e9t\u00e9 r\u00e9solus, la cause n'est probablement pas due aux yeux, mais au cortex visuel du cerveau. La couleur est susceptible d'aider dans ce cas.<\/span><\/p>\n<\/div><\/div>\n<\/div>\n\n<div class=\"et_pb_text_2 et_pb_text et_pb_bg_layout_light et_pb_module et_block_module preset--module--divi-text--bd47436d-045b-4fb0-9a56-267772c6c167\"><div class=\"et_pb_text_inner\"><h3>\u00c0 propos des lentille et les superpositions<\/h3>\n<\/div><\/div>\n\n<div class=\"et_pb_accordion_1 et_pb_accordion et_pb_module et_block_module preset--module--divi-accordion--1d4c8462-fda3-45f8-8b7c-cf670041e540\">\n<div class=\"et_pb_accordion_item_7 et_pb_accordion_item et_pb_toggle et_pb_module et_pb_toggle_open et_block_module preset--group--divi-accordion-item--divi-font-body--h19rs5u--default\"><h5 class=\"et_pb_toggle_title\">Comment puis-je obtenir des verres teint\u00e9s ?<\/h5><div class=\"et_pb_toggle_content\"><p><span style=\"color: #000000;\">Par le biais d'une \u00e9valuation Intuitive Colorimeter\u2122 !<\/span><\/p>\n<p><span style=\"color: #000000;\">La couleur des lentilles ne peut \u00eatre \u00e9valu\u00e9e que par le biais de l'\u00e9valuation Intuitive Colorimeter\u2122. Elle utilise une large gamme de combinaisons de couleurs, par rapport \u00e0 l'\u00e9valuation par superposition, ce qui permet d'obtenir une couleur de lentille pr\u00e9cise et sp\u00e9cifique \u00e0 chaque patient.<\/span><\/p>\n<p><span style=\"color: #000000;\">L'\u00e9valuation est r\u00e9alis\u00e9e par un professionnel de la vue et dure environ 45 minutes.<\/span><\/p>\n<p><span style=\"color: #000000;\">Lorsque vous portez des lunettes, votre champ de vision est color\u00e9. L'Intuitive Colorimeter\u2122 en tient compte et effectue les tests de la m\u00eame mani\u00e8re, de sorte qu'aucune autre couleur de lumi\u00e8re n'entre en jeu. Les transparants de couleur, en revanche, ne couvrent qu'une partie de votre champ de vision. Par cons\u00e9quent, la lumi\u00e8re blanche joue un r\u00f4le important dans votre champ de vision.  La couleur des verres teint\u00e9es avec pr\u00e9cision est souvent diff\u00e9rente de celle des verres de contact en raison de la lumi\u00e8re enregistr\u00e9e dans votre champ de vision.<\/span><\/p>\n<\/div><\/div>\n\n<div class=\"et_pb_accordion_item_8 et_pb_accordion_item et_pb_toggle et_pb_module et_pb_toggle_close et_block_module preset--group--divi-accordion-item--divi-font-body--h19rs5u--default\"><h5 class=\"et_pb_toggle_title\">Qu'est-ce qu'un superpositions color\u00e9es?<\/h5><div class=\"et_pb_toggle_content\"><p><span style=\"color: #000000;\">Il s'agit de feuilles de plastique transparentes color\u00e9 \u00e0 placer sur le texte requis. Utilis\u00e9es comme outil de d\u00e9pistage pour d\u00e9terminer si la couleur sera b\u00e9n\u00e9fique \u00e0 chaque patient, elles peuvent att\u00e9nuer certains sympt\u00f4mes de stress visuel et rendre la lecture plus confortable. Chaque individu b\u00e9n\u00e9ficiera d'une couleur diff\u00e9rente. Afin d'\u00e9valuer les avantages de la couleur choisie, il convient d'effectuer le test de lecture de Wilkins.<\/span><\/p>\n<\/div><\/div>\n\n<div class=\"et_pb_accordion_item_9 et_pb_accordion_item et_pb_toggle et_pb_module et_pb_toggle_close et_block_module preset--group--divi-accordion-item--divi-font-body--h19rs5u--default\"><h5 class=\"et_pb_toggle_title\">Les enfants ont-ils besoin de transparents de couleur ou des verres teint\u00e9s en permanence?<\/h5><div class=\"et_pb_toggle_content\"><p><span style=\"color: #000000;\">Il semble que les enfants tirent le meilleur parti de la couleur si elle leur est propos\u00e9e d\u00e8s qu'ils soup\u00e7onnent des difficult\u00e9s de lecture, avant que le cycle de l'\u00e9chec n'ait commenc\u00e9. D'apr\u00e8s les recherches, de nombreux enfants de 7 ans semblent utiliser les transparents de couleur pendant un an ou deux, puis s'en d\u00e9barrassent lorsqu'ils deviennent inutiles. Cela peut s'expliquer par le fait que la familiarit\u00e9 acquise avec le texte rend les d\u00e9formations moins g\u00eanantes.<\/span><\/p>\n<\/div><\/div>\n\n<div class=\"et_pb_accordion_item_10 et_pb_accordion_item et_pb_toggle et_pb_module et_pb_toggle_close et_block_module preset--group--divi-accordion-item--divi-font-body--h19rs5u--default\"><h5 class=\"et_pb_toggle_title\">O\u00f9 puis-je me faire \u00e9valuer pour des verres de couleurs ?<\/h5><div class=\"et_pb_toggle_content\"><p><span style=\"color: #000000;\">Rendez-vous chez l'un des prestataires de services d'\u00e9valuation Intuitive Colorimeter\u2122 d'Opticalm.<\/span><\/p>\n<p><span style=\"color: #000000;\">Avant d'obtenir une \u00e9valuation aupr\u00e8s d'un prestatiare de colorim\u00e9trie, vous devrez subir un examen oculaire complet afin de v\u00e9rifier tout probl\u00e8me de r\u00e9fraction non corrig\u00e9 ou toute anomalie binoculaire. Le cas \u00e9ch\u00e9ant, ces anomalies sont corrig\u00e9es avant de proc\u00e9der \u00e0 l'utilisation de verres de couleur.<\/span><\/p>\n<\/div><\/div>\n\n<div class=\"et_pb_accordion_item_11 et_pb_accordion_item et_pb_toggle et_pb_module et_pb_toggle_close et_block_module preset--group--divi-accordion-item--divi-font-body--h19rs5u--default\"><h5 class=\"et_pb_toggle_title\">Les verres teint\u00e9s sont-elles n\u00e9cessaires?<\/h5><div class=\"et_pb_toggle_content\"><p><span style=\"color: #000000;\">Si une personne souffre de Stress Visuel, des verres teint\u00e9s de pr\u00e9cision sont recommand\u00e9s.  Les personnes qui s'obstinent \u00e0 utiliser des verres transparents de couleur trouvent g\u00e9n\u00e9ralement que les verres teint\u00e9s sont plus pratiques \u00e0 utiliser. Les lunettes peuvent aider \u00e0 l'\u00e9criture, ce qui n'est pas le cas des lunettes \u00e0 verres superpos\u00e9s. Le degr\u00e9 de pr\u00e9cision dans le choix de la couleur est essentiel pour obtenir les meilleurs r\u00e9sultats, et la pr\u00e9cision disponible avec les verres est bien plus grande qu'avec les transparents.<\/span><\/p>\n<\/div><\/div>\n<\/div>\n\n<div class=\"et_pb_text_3 et_pb_text et_pb_bg_layout_light et_pb_module et_block_module preset--module--divi-text--bd47436d-045b-4fb0-9a56-267772c6c167\"><div class=\"et_pb_text_inner\"><h3>Plus<\/h3>\n<\/div><\/div>\n\n<div class=\"et_pb_accordion_2 et_pb_accordion et_pb_module et_block_module preset--module--divi-accordion--1d4c8462-fda3-45f8-8b7c-cf670041e540\">\n<div class=\"et_pb_accordion_item_12 et_pb_accordion_item et_pb_toggle et_pb_module et_pb_toggle_open et_block_module preset--group--divi-accordion-item--divi-font-body--h19rs5u--default\"><h5 class=\"et_pb_toggle_title\">\u00c0 quels tests dois-je m'attendre de la part de mon optom\u00e9triste ?<\/h5><div class=\"et_pb_toggle_content\"><p><span style=\"color: #000000;\">La routine pr\u00e9cise varie d'un optom\u00e9triste \u00e0 l'autre. Toutefois, l'examen oculaire de base comprend la r\u00e9fraction (tests de mise au point de la lentille), l'acuit\u00e9 (capacit\u00e9 \u00e0 voir de petits objets), des tests de sant\u00e9 des yeux et des tests de base de la fonction motrice oculaire (comment les muscles des yeux fonctionnent ensemble). D'autres tests ne sont pas toujours inclus dans l'examen mais sont g\u00e9n\u00e9ralement consid\u00e9r\u00e9s comme particuli\u00e8rement importants pour les enfants ayant des difficult\u00e9s de lecture.<\/span><\/p>\n<p><span style=\"color: #000000;\">Vous pouvez demander \u00e0 un optom\u00e9triste s'il peut effectuer les tests suivants avant de prendre rendez-vous :\u00a0<\/span><\/p>\n<ul>\n<li><span style=\"color: #000000;\">Test de fixation et de disparit\u00e9 de Mallett en vision de pr\u00e8s.<\/span><\/li>\n<li><span style=\"color: #000000;\">R\u00e9serves fusionnelles de pr\u00e8s.<\/span><\/li>\n<li><span style=\"color: #000000;\">D\u00e9calage de l'accommodation.\u00a0<\/span><\/li>\n<li><span style=\"color: #000000;\">Test de transparants des couleurs.<\/span><\/li>\n<\/ul>\n<p><span style=\"color: #000000;\">Notez que tous les optom\u00e9tristes qui se sont sp\u00e9cialis\u00e9s dans ce domaine ne disposent pas d'un Intuitive Colorimeter\u2122, mais tous devraient conna\u00eetre un confr\u00e8re vers lequel ils peuvent vous orienter si ces tests compl\u00e9mentaires sont n\u00e9cessaires.<\/span><\/p>\n<\/div><\/div>\n<\/div>\n<\/div>\n\n\n<\/div>\n<\/div>","protected":false},"excerpt":{"rendered":"","protected":false},"author":1,"featured_media":0,"parent":0,"menu_order":120,"comment_status":"closed","ping_status":"closed","template":"","meta":{"footnotes":""},"class_list":["post-41","page","type-page","status-publish","hentry"],"_links":{"self":[{"href":"https:\/\/opticalm.ca\/fr\/wp-json\/wp\/v2\/pages\/41","targetHints":{"allow":["GET"]}}],"collection":[{"href":"https:\/\/opticalm.ca\/fr\/wp-json\/wp\/v2\/pages"}],"about":[{"href":"https:\/\/opticalm.ca\/fr\/wp-json\/wp\/v2\/types\/page"}],"author":[{"embeddable":true,"href":"https:\/\/opticalm.ca\/fr\/wp-json\/wp\/v2\/users\/1"}],"replies":[{"embeddable":true,"href":"https:\/\/opticalm.ca\/fr\/wp-json\/wp\/v2\/comments?post=41"}],"version-history":[{"count":10,"href":"https:\/\/opticalm.ca\/fr\/wp-json\/wp\/v2\/pages\/41\/revisions"}],"predecessor-version":[{"id":1127,"href":"https:\/\/opticalm.ca\/fr\/wp-json\/wp\/v2\/pages\/41\/revisions\/1127"}],"wp:attachment":[{"href":"https:\/\/opticalm.ca\/fr\/wp-json\/wp\/v2\/media?parent=41"}],"curies":[{"name":"wp","href":"https:\/\/api.w.org\/{rel}","templated":true}]}}